{"id":176,"date":"2025-02-02T19:26:09","date_gmt":"2025-02-02T22:26:09","guid":{"rendered":"https:\/\/itaenga.pe.gov.br\/v1\/?page_id=176"},"modified":"2025-02-03T21:09:23","modified_gmt":"2025-02-04T00:09:23","slug":"secretaria-de-agricultura-e-meio-ambiente","status":"publish","type":"page","link":"https:\/\/itaenga.pe.gov.br\/v1\/secretaria-de-agricultura-e-meio-ambiente\/","title":{"rendered":"Secret\u00e1ria de Agricultura e Meio Ambiente"},"content":{"rendered":"<p>&nbsp;<\/p>\n<p>NOME DO SECRET\u00c1RIO: Severino Jos\u00e9 dos Santos<\/p>\n<p>ENDERE\u00c7O: AV Manoel Jos\u00e9 da Silva (Centro de artesanato)<\/p>\n<p>HOR\u00c1RIO DE FUNCIONAMENTO: 8h \u00e0s 13h<\/p>\n<p><a href=\"mailto:agricultura@itaenga.pe.gov.br\">agricultura@itaenga.pe.gov.br<\/a><\/p>\n<p>&nbsp;<\/p>\n<hr \/>\n<h3><\/h3>\n<h3><strong>Compet\u00eancia<\/strong><\/h3>\n<p>\u00c9 \u00f3rg\u00e3o integrante de Administra\u00e7\u00e3o Geral, diretamente ligado \u00e0 Chefe do Poder Executivo, tendo por finalidade a orienta\u00e7\u00e3o t\u00e9cnica especializada na organiza\u00e7\u00e3o, no controle e na execu\u00e7\u00e3o das atividades dos Setores Agropecu\u00e1rios e do Abastecimento do Munic\u00edpio.<\/p>\n<p>I \u2013 Controle das atividades potencial ou efetiva mente poluidoras, incluindo o acompanhamento da qualidade ambiental;<\/p>\n<p>II \u2013 Prote\u00e7\u00e3o dos ecossistemas, incluindo a preserva\u00e7\u00e3o e recupera\u00e7\u00e3o de \u00e1reas ecologicamente significativas;<\/p>\n<p>III \u2013 Promo\u00e7\u00e3o da educa\u00e7\u00e3o ambiental e da consci\u00eancia ecol\u00f3gica, incluindo a difus\u00e3o de informa\u00e7\u00f5es t\u00e9cnicas.<\/p>\n","protected":false},"excerpt":{"rendered":"<p>&nbsp; NOME DO SECRET\u00c1RIO: Severino Jos\u00e9 dos Santos ENDERE\u00c7O: AV Manoel Jos\u00e9 da Silva (Centro de artesanato) HOR\u00c1RIO DE FUNCIONAMENTO: 8h \u00e0s 13h agricultura@itaenga.pe.gov.br &nbsp; Compet\u00eancia \u00c9 \u00f3rg\u00e3o integrante de Administra\u00e7\u00e3o Geral, diretamente ligado \u00e0 Chefe do Poder Executivo, tendo <a class=\"leiamais\" href=\"https:\/\/itaenga.pe.gov.br\/v1\/secretaria-de-agricultura-e-meio-ambiente\/\">VER MAIS <i class=\"fa-solid fa-chevron-right\"><\/i><\/a><\/p>\n","protected":false},"author":1,"featured_media":0,"parent":0,"menu_order":0,"comment_status":"closed","ping_status":"closed","template":"","meta":{"_acf_changed":false,"footnotes":""},"class_list":["post-176","page","type-page","status-publish","hentry","active"],"acf":[],"_links":{"self":[{"href":"https:\/\/itaenga.pe.gov.br\/v1\/wp-json\/wp\/v2\/pages\/176","targetHints":{"allow":["GET"]}}],"collection":[{"href":"https:\/\/itaenga.pe.gov.br\/v1\/wp-json\/wp\/v2\/pages"}],"about":[{"href":"https:\/\/itaenga.pe.gov.br\/v1\/wp-json\/wp\/v2\/types\/page"}],"author":[{"embeddable":true,"href":"https:\/\/itaenga.pe.gov.br\/v1\/wp-json\/wp\/v2\/users\/1"}],"replies":[{"embeddable":true,"href":"https:\/\/itaenga.pe.gov.br\/v1\/wp-json\/wp\/v2\/comments?post=176"}],"version-history":[{"count":1,"href":"https:\/\/itaenga.pe.gov.br\/v1\/wp-json\/wp\/v2\/pages\/176\/revisions"}],"predecessor-version":[{"id":242,"href":"https:\/\/itaenga.pe.gov.br\/v1\/wp-json\/wp\/v2\/pages\/176\/revisions\/242"}],"wp:attachment":[{"href":"https:\/\/itaenga.pe.gov.br\/v1\/wp-json\/wp\/v2\/media?parent=176"}],"curies":[{"name":"wp","href":"https:\/\/api.w.org\/{rel}","templated":true}]}}